{"id":26065,"date":"2026-02-26T05:30:48","date_gmt":"2026-02-26T03:30:48","guid":{"rendered":"https:\/\/vinilozona.lt\/?post_type=product&#038;p=26065"},"modified":"2026-02-26T08:31:35","modified_gmt":"2026-02-26T06:31:35","slug":"sviatoslav-richter-p-tchaikovsky-concerto-no1","status":"publish","type":"product","link":"https:\/\/vinilozona.lt\/en\/parduotuve\/classic\/sviatoslav-richter-p-tchaikovsky-concerto-no1\/","title":{"rendered":"\u0418\u043e\u0433\u0430\u043d\u043d \u0421\u0435\u0431\u0430\u0441\u0442\u044c\u044f\u043d \u0411\u0430\u0445 &#8211; \u0411\u0430\u0440\u043e\u043a-\u0425\u043e\u0440 \u0418 \u0418\u043d\u0441\u0442\u0440\u0443\u043c\u0435\u043d\u0442\u0430\u043b\u044c\u043d\u044b\u0439 \u0410\u043d\u0441\u0430\u043c\u0431\u043b\u044c \u0433. \u0428\u0442\u0443\u0442\u0433\u0430\u0440\u0442 \u2013 \u041c\u0430\u0433\u043d\u0438\u0444\u0438\u043a\u0430\u0442 \u0420\u0435 \u041c\u0430\u0436\u043e\u0440, BWV 243. \u041a\u0430\u043d\u0442\u0430\u0442\u0430 \u2116 31 &#8222;Der Himmel Lacht, Die Erde Jubilieret&#8221;"},"content":{"rendered":"<p>\u041c\u0430\u0433\u043d\u0438\u0444\u0438\u043a\u0430\u0442 \u0420\u0435 \u041c\u0430\u0436\u043e\u0440, BWV 243<br \/>\nA1\t\t1. \u0425\u043e\u0440<br \/>\nA2\t\t2. \u0410\u0440\u0438\u044f (\u0410\u043b\u044c\u0442)<br \/>\nA3\t\t3. \u0410\u0440\u0438\u044f (\u0421\u043e\u043f\u0440\u0430\u043d\u043e)<br \/>\nA4\t\t4. \u0417\u043e\u0440<br \/>\nA5\t\t5. \u0410\u0440\u0438\u044f (\u0411\u0430\u0441)<br \/>\nA6\t\t6. \u0414\u0443\u044d\u0442 (\u0410\u043b\u044c\u0442, \u0422\u0435\u043d\u043e\u0440)<br \/>\nA7\t\t7. \u0425\u043e\u0440<br \/>\nA8\t\t8. \u0410\u0440\u0438\u044f (\u0422\u0435\u043d\u043e\u0440)<br \/>\nA9\t\t9. \u0410\u0440\u0438\u044f (\u0410\u043b\u044c\u0442)<br \/>\nA10\t\t10. \u0425\u043e\u0440<br \/>\nA11\t\t11. \u0425\u043e\u0440<br \/>\nA12\t\t12. \u0425\u043e\u0440<br \/>\n\u041a\u0430\u043d\u0442\u0430\u0442\u0430 \u2116 31 &#8222;Der Himmel Lacht, Die Erde Jubilieret&#8221;<br \/>\nB1\t\t1. \u0421\u043e\u043d\u0430\u0442\u0430<br \/>\nB2\t\t2. \u0425\u043e\u0440<br \/>\nB3\t\t3. \u0420\u0435\u0447\u0438\u0442\u0430\u0442\u0438\u0432 (\u0411\u0430\u0441)<br \/>\nB4\t\t4. \u0410\u0440\u0438\u044f (\u0411\u0430\u0441)<br \/>\nB5\t\t5. \u0420\u0435\u0447\u0438\u0442\u0430\u0442\u0438\u0432 (\u0422\u0435\u043d\u043e\u0440)<br \/>\nB6\t\t6. \u0410\u0440\u0438\u044f (\u0422\u0435\u043d\u043e\u0440)<br \/>\nB7\t\t7. \u0420\u0435\u0447\u0438\u0442\u0430\u0442\u0438\u0432 (\u0421\u043e\u043f\u0440\u0430\u043d\u043e)<br \/>\nB8\t\t8. \u0410\u0440\u0438\u044f (\u0421\u043e\u043f\u0440\u0430\u043d\u043e)<br \/>\nB9\t\t9. \u0425\u043e\u0440\u0430\u043b<\/p>","protected":false},"excerpt":{"rendered":"<p>\u041c\u0435\u043b\u043e\u0434\u0438\u044f \u2013 33 \u0421 0881\u201482<br \/>\nFormat:<br \/>\nVinyl, LP, Repress<br \/>\nCountry:<br \/>\nUSSR<\/p>","protected":false},"featured_media":30540,"template":"","meta":[],"product_cat":[22],"product_tag":[44],"yoast_head":"<!-- This site is optimized with the Yoast SEO plugin v23.5 - https:\/\/yoast.com\/wordpress\/plugins\/seo\/ -->\n<title>\u0418\u043e\u0433\u0430\u043d\u043d \u0421\u0435\u0431\u0430\u0441\u0442\u044c\u044f\u043d \u0411\u0430\u0445 - \u0411\u0430\u0440\u043e\u043a-\u0425\u043e\u0440 \u0418 \u0418\u043d\u0441\u0442\u0440\u0443\u043c\u0435\u043d\u0442\u0430\u043b\u044c\u043d\u044b\u0439 \u0410\u043d\u0441\u0430\u043c\u0431\u043b\u044c \u0433. \u0428\u0442\u0443\u0442\u0433\u0430\u0440\u0442 \u2013 \u041c\u0430\u0433\u043d\u0438\u0444\u0438\u043a\u0430\u0442 \u0420\u0435 \u041c\u0430\u0436\u043e\u0440, BWV 243. \u041a\u0430\u043d\u0442\u0430\u0442\u0430 \u2116 31 &quot;Der Himmel Lacht, Die Erde Jubilieret&quot; Vinilin\u0117 Plok\u0161tel\u0117 | Vinilozona.lt<\/title>\n<meta name=\"robots\" content=\"index, follow, max-snippet:-1, max-image-preview:large, max-video-preview:-1\" \/>\n<link rel=\"canonical\" href=\"https:\/\/vinilozona.lt\/en\/parduotuve\/classic\/sviatoslav-richter-p-tchaikovsky-concerto-no1\/\" \/>\n<meta property=\"og:locale\" content=\"en_GB\" \/>\n<meta property=\"og:type\" content=\"article\" \/>\n<meta property=\"og:title\" content=\"\u0418\u043e\u0433\u0430\u043d\u043d \u0421\u0435\u0431\u0430\u0441\u0442\u044c\u044f\u043d \u0411\u0430\u0445 - \u0411\u0430\u0440\u043e\u043a-\u0425\u043e\u0440 \u0418 \u0418\u043d\u0441\u0442\u0440\u0443\u043c\u0435\u043d\u0442\u0430\u043b\u044c\u043d\u044b\u0439 \u0410\u043d\u0441\u0430\u043c\u0431\u043b\u044c \u0433. \u0428\u0442\u0443\u0442\u0433\u0430\u0440\u0442 \u2013 \u041c\u0430\u0433\u043d\u0438\u0444\u0438\u043a\u0430\u0442 \u0420\u0435 \u041c\u0430\u0436\u043e\u0440, BWV 243. \u041a\u0430\u043d\u0442\u0430\u0442\u0430 \u2116 31 &quot;Der Himmel Lacht, Die Erde Jubilieret&quot; Vinilin\u0117 Plok\u0161tel\u0117 | Vinilozona.lt\" \/>\n<meta property=\"og:description\" content=\"\u041c\u0435\u043b\u043e\u0434\u0438\u044f \u2013 33 \u0421 0881\u201482 Format: Vinyl, LP, Repress Country: USSR\" \/>\n<meta property=\"og:url\" content=\"https:\/\/vinilozona.lt\/en\/parduotuve\/classic\/sviatoslav-richter-p-tchaikovsky-concerto-no1\/\" \/>\n<meta property=\"og:site_name\" content=\"Vinilo Zona\" \/>\n<meta property=\"article:modified_time\" content=\"2026-02-26T06:31:35+00:00\" \/>\n<meta property=\"og:image\" content=\"https:\/\/vinilozona.lt\/wp-content\/uploads\/2024\/10\/R-8177856-1456598754-5024.jpg\" \/>\n\t<meta property=\"og:image:width\" content=\"594\" \/>\n\t<meta property=\"og:image:height\" content=\"600\" \/>\n\t<meta property=\"og:image:type\" content=\"image\/jpeg\" \/>\n<meta name=\"twitter:card\" content=\"summary_large_image\" \/>\n<meta name=\"twitter:label1\" content=\"Estimated reading time\" \/>\n\t<meta name=\"twitter:data1\" content=\"1 minute\" \/>\n<script type=\"application\/ld+json\" class=\"yoast-schema-graph\">{\"@context\":\"https:\/\/schema.org\",\"@graph\":[{\"@type\":\"WebPage\",\"@id\":\"https:\/\/vinilozona.lt\/parduotuve\/classic\/sviatoslav-richter-p-tchaikovsky-concerto-no1\/\",\"url\":\"https:\/\/vinilozona.lt\/parduotuve\/classic\/sviatoslav-richter-p-tchaikovsky-concerto-no1\/\",\"name\":\"\u0418\u043e\u0433\u0430\u043d\u043d \u0421\u0435\u0431\u0430\u0441\u0442\u044c\u044f\u043d \u0411\u0430\u0445 - \u0411\u0430\u0440\u043e\u043a-\u0425\u043e\u0440 \u0418 \u0418\u043d\u0441\u0442\u0440\u0443\u043c\u0435\u043d\u0442\u0430\u043b\u044c\u043d\u044b\u0439 \u0410\u043d\u0441\u0430\u043c\u0431\u043b\u044c \u0433. \u0428\u0442\u0443\u0442\u0433\u0430\u0440\u0442 \u2013 \u041c\u0430\u0433\u043d\u0438\u0444\u0438\u043a\u0430\u0442 \u0420\u0435 \u041c\u0430\u0436\u043e\u0440, BWV 243. \u041a\u0430\u043d\u0442\u0430\u0442\u0430 \u2116 31 \\\"Der Himmel Lacht, Die Erde Jubilieret\\\" Vinilin\u0117 Plok\u0161tel\u0117 | Vinilozona.lt\",\"isPartOf\":{\"@id\":\"https:\/\/vinilozona.lt\/#website\"},\"primaryImageOfPage\":{\"@id\":\"https:\/\/vinilozona.lt\/parduotuve\/classic\/sviatoslav-richter-p-tchaikovsky-concerto-no1\/#primaryimage\"},\"image\":{\"@id\":\"https:\/\/vinilozona.lt\/parduotuve\/classic\/sviatoslav-richter-p-tchaikovsky-concerto-no1\/#primaryimage\"},\"thumbnailUrl\":\"https:\/\/vinilozona.lt\/wp-content\/uploads\/2024\/10\/R-8177856-1456598754-5024.jpg\",\"datePublished\":\"2026-02-26T03:30:48+00:00\",\"dateModified\":\"2026-02-26T06:31:35+00:00\",\"breadcrumb\":{\"@id\":\"https:\/\/vinilozona.lt\/parduotuve\/classic\/sviatoslav-richter-p-tchaikovsky-concerto-no1\/#breadcrumb\"},\"inLanguage\":\"en-GB\",\"potentialAction\":[{\"@type\":\"ReadAction\",\"target\":[\"https:\/\/vinilozona.lt\/parduotuve\/classic\/sviatoslav-richter-p-tchaikovsky-concerto-no1\/\"]}]},{\"@type\":\"ImageObject\",\"inLanguage\":\"en-GB\",\"@id\":\"https:\/\/vinilozona.lt\/parduotuve\/classic\/sviatoslav-richter-p-tchaikovsky-concerto-no1\/#primaryimage\",\"url\":\"https:\/\/vinilozona.lt\/wp-content\/uploads\/2024\/10\/R-8177856-1456598754-5024.jpg\",\"contentUrl\":\"https:\/\/vinilozona.lt\/wp-content\/uploads\/2024\/10\/R-8177856-1456598754-5024.jpg\",\"width\":594,\"height\":600},{\"@type\":\"BreadcrumbList\",\"@id\":\"https:\/\/vinilozona.lt\/parduotuve\/classic\/sviatoslav-richter-p-tchaikovsky-concerto-no1\/#breadcrumb\",\"itemListElement\":[{\"@type\":\"ListItem\",\"position\":1,\"name\":\"Home\",\"item\":\"https:\/\/vinilozona.lt\/\"},{\"@type\":\"ListItem\",\"position\":2,\"name\":\"Parduotuv\u0117\",\"item\":\"https:\/\/vinilozona.lt\/parduotuve\/\"},{\"@type\":\"ListItem\",\"position\":3,\"name\":\"\u0418\u043e\u0433\u0430\u043d\u043d \u0421\u0435\u0431\u0430\u0441\u0442\u044c\u044f\u043d \u0411\u0430\u0445 &#8211; \u0411\u0430\u0440\u043e\u043a-\u0425\u043e\u0440 \u0418 \u0418\u043d\u0441\u0442\u0440\u0443\u043c\u0435\u043d\u0442\u0430\u043b\u044c\u043d\u044b\u0439 \u0410\u043d\u0441\u0430\u043c\u0431\u043b\u044c \u0433. \u0428\u0442\u0443\u0442\u0433\u0430\u0440\u0442 \u2013 \u041c\u0430\u0433\u043d\u0438\u0444\u0438\u043a\u0430\u0442 \u0420\u0435 \u041c\u0430\u0436\u043e\u0440, BWV 243. \u041a\u0430\u043d\u0442\u0430\u0442\u0430 \u2116 31 &#8220;Der Himmel Lacht, Die Erde Jubilieret&#8221;\"}]},{\"@type\":\"WebSite\",\"@id\":\"https:\/\/vinilozona.lt\/#website\",\"url\":\"https:\/\/vinilozona.lt\/\",\"name\":\"Vinilo Zona\",\"description\":\"Nup\u016bsk dulkes ir klausyk LP\",\"potentialAction\":[{\"@type\":\"SearchAction\",\"target\":{\"@type\":\"EntryPoint\",\"urlTemplate\":\"https:\/\/vinilozona.lt\/?s={search_term_string}\"},\"query-input\":{\"@type\":\"PropertyValueSpecification\",\"valueRequired\":true,\"valueName\":\"search_term_string\"}}],\"inLanguage\":\"en-GB\"}]}<\/script>\n<!-- \/ Yoast SEO plugin. -->","yoast_head_json":{"title":"\u0418\u043e\u0433\u0430\u043d\u043d \u0421\u0435\u0431\u0430\u0441\u0442\u044c\u044f\u043d \u0411\u0430\u0445 - \u0411\u0430\u0440\u043e\u043a-\u0425\u043e\u0440 \u0418 \u0418\u043d\u0441\u0442\u0440\u0443\u043c\u0435\u043d\u0442\u0430\u043b\u044c\u043d\u044b\u0439 \u0410\u043d\u0441\u0430\u043c\u0431\u043b\u044c \u0433. \u0428\u0442\u0443\u0442\u0433\u0430\u0440\u0442 \u2013 \u041c\u0430\u0433\u043d\u0438\u0444\u0438\u043a\u0430\u0442 \u0420\u0435 \u041c\u0430\u0436\u043e\u0440, BWV 243. \u041a\u0430\u043d\u0442\u0430\u0442\u0430 \u2116 31 \"Der Himmel Lacht, Die Erde Jubilieret\" Vinilin\u0117 Plok\u0161tel\u0117 | Vinilozona.lt","robots":{"index":"index","follow":"follow","max-snippet":"max-snippet:-1","max-image-preview":"max-image-preview:large","max-video-preview":"max-video-preview:-1"},"canonical":"https:\/\/vinilozona.lt\/en\/parduotuve\/classic\/sviatoslav-richter-p-tchaikovsky-concerto-no1\/","og_locale":"en_GB","og_type":"article","og_title":"\u0418\u043e\u0433\u0430\u043d\u043d \u0421\u0435\u0431\u0430\u0441\u0442\u044c\u044f\u043d \u0411\u0430\u0445 - \u0411\u0430\u0440\u043e\u043a-\u0425\u043e\u0440 \u0418 \u0418\u043d\u0441\u0442\u0440\u0443\u043c\u0435\u043d\u0442\u0430\u043b\u044c\u043d\u044b\u0439 \u0410\u043d\u0441\u0430\u043c\u0431\u043b\u044c \u0433. \u0428\u0442\u0443\u0442\u0433\u0430\u0440\u0442 \u2013 \u041c\u0430\u0433\u043d\u0438\u0444\u0438\u043a\u0430\u0442 \u0420\u0435 \u041c\u0430\u0436\u043e\u0440, BWV 243. \u041a\u0430\u043d\u0442\u0430\u0442\u0430 \u2116 31 \"Der Himmel Lacht, Die Erde Jubilieret\" Vinilin\u0117 Plok\u0161tel\u0117 | Vinilozona.lt","og_description":"\u041c\u0435\u043b\u043e\u0434\u0438\u044f \u2013 33 \u0421 0881\u201482 Format: Vinyl, LP, Repress Country: USSR","og_url":"https:\/\/vinilozona.lt\/en\/parduotuve\/classic\/sviatoslav-richter-p-tchaikovsky-concerto-no1\/","og_site_name":"Vinilo Zona","article_modified_time":"2026-02-26T06:31:35+00:00","og_image":[{"width":594,"height":600,"url":"https:\/\/vinilozona.lt\/wp-content\/uploads\/2024\/10\/R-8177856-1456598754-5024.jpg","type":"image\/jpeg"}],"twitter_card":"summary_large_image","twitter_misc":{"Estimated reading time":"1 minute"},"schema":{"@context":"https:\/\/schema.org","@graph":[{"@type":"WebPage","@id":"https:\/\/vinilozona.lt\/parduotuve\/classic\/sviatoslav-richter-p-tchaikovsky-concerto-no1\/","url":"https:\/\/vinilozona.lt\/parduotuve\/classic\/sviatoslav-richter-p-tchaikovsky-concerto-no1\/","name":"\u0418\u043e\u0433\u0430\u043d\u043d \u0421\u0435\u0431\u0430\u0441\u0442\u044c\u044f\u043d \u0411\u0430\u0445 - \u0411\u0430\u0440\u043e\u043a-\u0425\u043e\u0440 \u0418 \u0418\u043d\u0441\u0442\u0440\u0443\u043c\u0435\u043d\u0442\u0430\u043b\u044c\u043d\u044b\u0439 \u0410\u043d\u0441\u0430\u043c\u0431\u043b\u044c \u0433. \u0428\u0442\u0443\u0442\u0433\u0430\u0440\u0442 \u2013 \u041c\u0430\u0433\u043d\u0438\u0444\u0438\u043a\u0430\u0442 \u0420\u0435 \u041c\u0430\u0436\u043e\u0440, BWV 243. \u041a\u0430\u043d\u0442\u0430\u0442\u0430 \u2116 31 \"Der Himmel Lacht, Die Erde Jubilieret\" Vinilin\u0117 Plok\u0161tel\u0117 | Vinilozona.lt","isPartOf":{"@id":"https:\/\/vinilozona.lt\/#website"},"primaryImageOfPage":{"@id":"https:\/\/vinilozona.lt\/parduotuve\/classic\/sviatoslav-richter-p-tchaikovsky-concerto-no1\/#primaryimage"},"image":{"@id":"https:\/\/vinilozona.lt\/parduotuve\/classic\/sviatoslav-richter-p-tchaikovsky-concerto-no1\/#primaryimage"},"thumbnailUrl":"https:\/\/vinilozona.lt\/wp-content\/uploads\/2024\/10\/R-8177856-1456598754-5024.jpg","datePublished":"2026-02-26T03:30:48+00:00","dateModified":"2026-02-26T06:31:35+00:00","breadcrumb":{"@id":"https:\/\/vinilozona.lt\/parduotuve\/classic\/sviatoslav-richter-p-tchaikovsky-concerto-no1\/#breadcrumb"},"inLanguage":"en-GB","potentialAction":[{"@type":"ReadAction","target":["https:\/\/vinilozona.lt\/parduotuve\/classic\/sviatoslav-richter-p-tchaikovsky-concerto-no1\/"]}]},{"@type":"ImageObject","inLanguage":"en-GB","@id":"https:\/\/vinilozona.lt\/parduotuve\/classic\/sviatoslav-richter-p-tchaikovsky-concerto-no1\/#primaryimage","url":"https:\/\/vinilozona.lt\/wp-content\/uploads\/2024\/10\/R-8177856-1456598754-5024.jpg","contentUrl":"https:\/\/vinilozona.lt\/wp-content\/uploads\/2024\/10\/R-8177856-1456598754-5024.jpg","width":594,"height":600},{"@type":"BreadcrumbList","@id":"https:\/\/vinilozona.lt\/parduotuve\/classic\/sviatoslav-richter-p-tchaikovsky-concerto-no1\/#breadcrumb","itemListElement":[{"@type":"ListItem","position":1,"name":"Home","item":"https:\/\/vinilozona.lt\/"},{"@type":"ListItem","position":2,"name":"Parduotuv\u0117","item":"https:\/\/vinilozona.lt\/parduotuve\/"},{"@type":"ListItem","position":3,"name":"\u0418\u043e\u0433\u0430\u043d\u043d \u0421\u0435\u0431\u0430\u0441\u0442\u044c\u044f\u043d \u0411\u0430\u0445 &#8211; \u0411\u0430\u0440\u043e\u043a-\u0425\u043e\u0440 \u0418 \u0418\u043d\u0441\u0442\u0440\u0443\u043c\u0435\u043d\u0442\u0430\u043b\u044c\u043d\u044b\u0439 \u0410\u043d\u0441\u0430\u043c\u0431\u043b\u044c \u0433. \u0428\u0442\u0443\u0442\u0433\u0430\u0440\u0442 \u2013 \u041c\u0430\u0433\u043d\u0438\u0444\u0438\u043a\u0430\u0442 \u0420\u0435 \u041c\u0430\u0436\u043e\u0440, BWV 243. \u041a\u0430\u043d\u0442\u0430\u0442\u0430 \u2116 31 &#8220;Der Himmel Lacht, Die Erde Jubilieret&#8221;"}]},{"@type":"WebSite","@id":"https:\/\/vinilozona.lt\/#website","url":"https:\/\/vinilozona.lt\/","name":"Vinilo Zona","description":"Nup\u016bsk dulkes ir klausyk LP","potentialAction":[{"@type":"SearchAction","target":{"@type":"EntryPoint","urlTemplate":"https:\/\/vinilozona.lt\/?s={search_term_string}"},"query-input":{"@type":"PropertyValueSpecification","valueRequired":true,"valueName":"search_term_string"}}],"inLanguage":"en-GB"}]}},"_links":{"self":[{"href":"https:\/\/vinilozona.lt\/en\/wp-json\/wp\/v2\/product\/26065"}],"collection":[{"href":"https:\/\/vinilozona.lt\/en\/wp-json\/wp\/v2\/product"}],"about":[{"href":"https:\/\/vinilozona.lt\/en\/wp-json\/wp\/v2\/types\/product"}],"wp:featuredmedia":[{"embeddable":true,"href":"https:\/\/vinilozona.lt\/en\/wp-json\/wp\/v2\/media\/30540"}],"wp:attachment":[{"href":"https:\/\/vinilozona.lt\/en\/wp-json\/wp\/v2\/media?parent=26065"}],"wp:term":[{"taxonomy":"product_cat","embeddable":true,"href":"https:\/\/vinilozona.lt\/en\/wp-json\/wp\/v2\/product_cat?post=26065"},{"taxonomy":"product_tag","embeddable":true,"href":"https:\/\/vinilozona.lt\/en\/wp-json\/wp\/v2\/product_tag?post=26065"}],"curies":[{"name":"wp","href":"https:\/\/api.w.org\/{rel}","templated":true}]}}